 {"id":1108,"date":"2016-03-08T22:27:28","date_gmt":"2016-03-08T21:27:28","guid":{"rendered":"https:\/\/zabnica.e-przedszkolak.eu\/?page_id=1108"},"modified":"2025-02-21T16:07:55","modified_gmt":"2025-02-21T15:07:55","slug":"rekrutacja","status":"publish","type":"page","link":"https:\/\/zabnica.e-przedszkolak.eu\/archiwum\/rekrutacja\/","title":{"rendered":"Rekrutacja 2025\/2026"},"content":{"rendered":"<h3 style=\"text-align: justify;\"><strong>Dyrektor Przedszkola \u017babnicy og\u0142asza zapisy dzieci w wieku 3-6 lat do Przedszkola w \u017babnicy na rok szkolny 2025\/2026<\/strong><\/h3>\n<p data-wahfont=\"13\"><strong>Zapisy trwaj\u0105&nbsp;<\/strong><strong>od 3 marca &nbsp;do 14 marca 2025 r.<\/strong><\/p>\n<p data-wahfont=\"13\">Wniosek o przyj\u0119cie dziecka do przedszkola wraz z za\u0142\u0105cznikiem nr 1, klauzul\u0105 informacyjn\u0105 nale\u017cy pobra\u0107 w przedszkolu lub ze strony internetowej poni\u017cej i z\u0142o\u017cy\u0107 w wersji papierowej w siedzibie plac\u00f3wki.<\/p>\n<p data-wahfont=\"13\"><em>Prosz\u0119 o przestrzeganie ustalonych termin\u00f3w wg podanego harmonogramu , potwierdzania kandydat\u00f3w \u2013 dzieci- zakwalifikowanych oraz przyj\u0119tych do Przedszkola w \u017babicy \u2013 telefonicznie lub osobi\u015bcie .<\/em><\/p>\n<p data-wahfont=\"13\"><em>\/zakwalifikowany oznacza przej\u015bcie do nast\u0119pnego etapu rekrutacji&nbsp;<\/em><em>\u2013 przyj\u0119cia dziecka do przedszkola.\/<\/em><\/p>\n<p data-wahfont=\"13\">&nbsp;<\/p>\n<p data-wahfont=\"13\"><strong>Dokumenty do pobrania:<\/strong><\/p>\n<ul>\n<li style=\"text-align: justify;\">\n<h3><a href=\"https:\/\/zabnica.e-przedszkolak.eu\/archiwum\/wp-content\/uploads\/2025\/02\/Zarzadzenie-nr-W.0050.008.2025-rekrutacja.pdf\">Zarz\u0105dzenie W\u00f3jta Gminy W\u0119gierska G\u00f3rka<\/a><\/h3>\n<\/li>\n<li>\n<h3><a href=\"https:\/\/zabnica.e-przedszkolak.eu\/archiwum\/wp-content\/uploads\/2025\/02\/oswiadczenia.pdf\">O\u015bwiadczenie&nbsp;<\/a><\/h3>\n<\/li>\n<li>\n<h3><a href=\"https:\/\/zabnica.e-przedszkolak.eu\/archiwum\/wp-content\/uploads\/2025\/02\/Wniosek-nowy.pdf\">Wniosek o przyj\u0119cie dziecka do Przedszkola<\/a><\/h3>\n<\/li>\n<li>\n<h3><a href=\"https:\/\/zabnica.e-przedszkolak.eu\/archiwum\/wp-content\/uploads\/2025\/02\/Klauzula-informacyjna.pdf\">Klauzula informacyjna<\/a><\/h3>\n<\/li>\n<\/ul>\n<p style=\"text-align: justify;\">Nale\u017cy stosowa\u0107 si\u0119 do ustalonych termin\u00f3w przeprowadzenia post\u0119powania rekrutacyjnego i post\u0119powania uzupe\u0142niaj\u0105cego.<\/p>\n<p>&nbsp;&nbsp;&nbsp;&nbsp;&nbsp;&nbsp;&nbsp;&nbsp;&nbsp;&nbsp;&nbsp;&nbsp;&nbsp;&nbsp;&nbsp;&nbsp;&nbsp;&nbsp;&nbsp;&nbsp;&nbsp;&nbsp;&nbsp;&nbsp;&nbsp;&nbsp;&nbsp;&nbsp;&nbsp;&nbsp;&nbsp;&nbsp;&nbsp;&nbsp;&nbsp;&nbsp;&nbsp;&nbsp;&nbsp;&nbsp;&nbsp;&nbsp;&nbsp;&nbsp;&nbsp;&nbsp;&nbsp;&nbsp;&nbsp;&nbsp;&nbsp;&nbsp;&nbsp;&nbsp;&nbsp;&nbsp;&nbsp;&nbsp;&nbsp;&nbsp;&nbsp;&nbsp;&nbsp;&nbsp;&nbsp;&nbsp;&nbsp;&nbsp;<\/p>\n<p style=\"text-align: right;\"><em>&nbsp;Dyrektor Przedszkola w \u017babnicy<br \/>\n<\/em><em>&nbsp; Magdalena Figura<\/em><\/p>\n<p>&nbsp;<\/p>\n","protected":false},"excerpt":{"rendered":"<p>Dyrektor Przedszkola \u017babnicy og\u0142asza zapisy dzieci w wieku 3-6 lat do Przedszkola w \u017babnicy na rok szkolny 2025\/2026 Zapisy trwaj\u0105&nbsp;od 3 marca &nbsp;do 14 marca 2025 r. Wniosek o przyj\u0119cie dziecka do przedszkola wraz z za\u0142\u0105cznikiem nr 1, klauzul\u0105 informacyjn\u0105 nale\u017cy pobra\u0107 w przedszkolu lub ze strony internetowej poni\u017cej i z\u0142o\u017cy\u0107 w wersji papierowej w [&hellip;]<\/p>\n","protected":false},"author":2,"featured_media":0,"parent":0,"menu_order":0,"comment_status":"closed","ping_status":"closed","template":"","meta":{"ngg_post_thumbnail":0,"footnotes":""},"class_list":["post-1108","page","type-page","status-publish","hentry"],"_links":{"self":[{"href":"https:\/\/zabnica.e-przedszkolak.eu\/archiwum\/wp-json\/wp\/v2\/pages\/1108","targetHints":{"allow":["GET"]}}],"collection":[{"href":"https:\/\/zabnica.e-przedszkolak.eu\/archiwum\/wp-json\/wp\/v2\/pages"}],"about":[{"href":"https:\/\/zabnica.e-przedszkolak.eu\/archiwum\/wp-json\/wp\/v2\/types\/page"}],"author":[{"embeddable":true,"href":"https:\/\/zabnica.e-przedszkolak.eu\/archiwum\/wp-json\/wp\/v2\/users\/2"}],"replies":[{"embeddable":true,"href":"https:\/\/zabnica.e-przedszkolak.eu\/archiwum\/wp-json\/wp\/v2\/comments?post=1108"}],"version-history":[{"count":25,"href":"https:\/\/zabnica.e-przedszkolak.eu\/archiwum\/wp-json\/wp\/v2\/pages\/1108\/revisions"}],"predecessor-version":[{"id":5895,"href":"https:\/\/zabnica.e-przedszkolak.eu\/archiwum\/wp-json\/wp\/v2\/pages\/1108\/revisions\/5895"}],"wp:attachment":[{"href":"https:\/\/zabnica.e-przedszkolak.eu\/archiwum\/wp-json\/wp\/v2\/media?parent=1108"}],"curies":[{"name":"wp","href":"https:\/\/api.w.org\/{rel}","templated":true}]}}